{"id":1766,"date":"2025-12-30T12:03:17","date_gmt":"2025-12-30T11:03:17","guid":{"rendered":"https:\/\/www.lavillehuchet.com\/?page_id=1766"},"modified":"2026-02-18T17:03:15","modified_gmt":"2026-02-18T16:03:15","slug":"animations-et-loisirs","status":"publish","type":"page","link":"https:\/\/www.lavillehuchet.com\/fr\/animations-et-loisirs\/","title":{"rendered":"Les loisirs"},"content":{"rendered":"\n<section class=\"wp-block-group alignfull section-heberg has-base-background-color has-background is-layout-flow wp-block-group-is-layout-flow\" style=\"margin-top:0px;padding-top:var(--wp--preset--spacing--30);padding-right:var(--wp--preset--spacing--50);padding-bottom:0;padding-left:var(--wp--preset--spacing--50)\">\n<h1 class=\"wp-block-heading has-text-align-center has-contrast-2-color has-text-color has-link-color has-bile-font-family wp-elements-94a073b0f3a25985a949045474d4dbb1\" style=\"padding-top:0;padding-bottom:var(--wp--preset--spacing--20);font-size:clamp(43.315px, 2.707rem + ((1vw - 3.2px) * 4.134), 83px);\">Activit\u00e9s et animations propos\u00e9es par le camping de La Ville Huchet&nbsp;&nbsp;<\/h1>\n<\/section>\n\n\n\n<section class=\"wp-block-group alignfull section-heberg has-base-background-color has-background is-layout-flow wp-block-group-is-layout-flow\" style=\"margin-top:0px;padding-top:var(--wp--preset--spacing--50);padding-right:var(--wp--preset--spacing--50);padding-bottom:0;padding-left:var(--wp--preset--spacing--50)\">\n<div class=\"wp-block-columns are-vertically-aligned-center is-layout-flex wp-container-core-columns-is-layout-28f84493 wp-block-columns-is-layout-flex\">\n<div class=\"wp-block-column is-vertically-aligned-center is-layout-flow wp-block-column-is-layout-flow\" style=\"padding-right:var(--wp--preset--spacing--30)\">\n<div class=\"wp-block-group is-vertical is-layout-flex wp-container-core-group-is-layout-98bb686d wp-block-group-is-layout-flex\">\n<div class=\"wp-block-group is-vertical is-content-justification-left is-layout-flex wp-container-core-group-is-layout-6c9a6f5f wp-block-group-is-layout-flex\" style=\"margin-top:0px;margin-right:0px;margin-bottom:0px;margin-left:0px\">\n<h2 class=\"wp-block-heading sous-menu has-text-color has-link-color has-bile-font-family wp-elements-b506bbc641eec06480ae862d386cc77a\" style=\"color:#1379a1a1;font-size:clamp(35.2px, 2.2rem + ((1vw - 3.2px) * 3), 64px);line-height:.8\">Activit\u00e9s et loisirs au Domaine de la Ville Huchet<\/h2>\n<\/div>\n\n\n\n<p>Le <a href=\"https:\/\/www.lavillehuchet.com\/fr\/\" data-type=\"page\" data-id=\"60\">camping de la Ville Huchet \u00e0 Saint-Malo<\/a> met \u00e0 votre disposition de nombreux <strong>\u00e9quipements de loisirs<\/strong> pour faire de vos vacances une r\u00e9ussite.<\/p>\n\n\n\n<p>Pendant les vacances d&rsquo;\u00e9t\u00e9 (juillet &#8211; ao\u00fbt), notre <strong>\u00e9quipe d&rsquo;animation<\/strong> vous propose de multiples activit\u00e9s, telles que des tournois sportifs, des soir\u00e9es \u00e0 th\u00e8me, ainsi que des concerts, spectacles de magie, etc. <\/p>\n\n\n\n<p>Ce sont autant de moyens de partager des moments de d\u00e9tente et de convivialit\u00e9 en famille ou entre amis.<\/p>\n<\/div>\n\n\n\n<figure class=\"wp-block-image size-full is-resized\"><img decoding=\"async\" width=\"376\" height=\"259\" src=\"https:\/\/www.lavillehuchet.com\/wp-content\/uploads\/2025\/12\/chateau-page.png\" alt=\"chateau page\" class=\"wp-image-1595\" style=\"width:350px\" srcset=\"https:\/\/www.lavillehuchet.com\/wp-content\/uploads\/2025\/12\/chateau-page.png 376w, https:\/\/www.lavillehuchet.com\/wp-content\/uploads\/2025\/12\/chateau-page-300x207.png 300w\" sizes=\"(max-width: 376px) 100vw, 376px\" \/><\/figure>\n<\/div>\n\n\n\n<div class=\"wp-block-column is-vertically-aligned-center is-layout-flow wp-block-column-is-layout-flow\">\n<figure class=\"wp-block-image size-full mh\"><img decoding=\"async\" width=\"820\" height=\"780\" src=\"https:\/\/www.lavillehuchet.com\/wp-content\/uploads\/2026\/01\/camping-famille-vers-saint-malo.jpg\" alt=\"camping famille vers saint malo\" class=\"wp-image-2477\" srcset=\"https:\/\/www.lavillehuchet.com\/wp-content\/uploads\/2026\/01\/camping-famille-vers-saint-malo.jpg 820w, https:\/\/www.lavillehuchet.com\/wp-content\/uploads\/2026\/01\/camping-famille-vers-saint-malo-300x285.jpg 300w, https:\/\/www.lavillehuchet.com\/wp-content\/uploads\/2026\/01\/camping-famille-vers-saint-malo-768x731.jpg 768w\" sizes=\"(max-width: 820px) 100vw, 820px\" \/><\/figure>\n<\/div>\n<\/div>\n<\/section>\n\n\n\n<section class=\"wp-block-group alignfull section-engagement is-layout-flow wp-block-group-is-layout-flow\" style=\"padding-top:var(--wp--preset--spacing--50);padding-right:var(--wp--preset--spacing--50);padding-bottom:var(--wp--preset--spacing--50);padding-left:var(--wp--preset--spacing--50)\">\n<div data-swiper=\"{&quot;speed&quot;:1000,&quot;autoplay&quot;:{&quot;delay&quot;:5000,&quot;disableOnInteraction&quot;:false},&quot;spaceBetween&quot;:0,&quot;slidesPerView&quot;:1,&quot;pagination&quot;:{&quot;el&quot;:&quot;.swiper-pagination&quot;,&quot;dynamicBullets&quot;:true,&quot;clickable&quot;:true,&quot;type&quot;:&quot;bullets&quot;},&quot;navigation&quot;:{&quot;nextEl&quot;:&quot;.swiper-button-next&quot;,&quot;prevEl&quot;:&quot;.swiper-button-prev&quot;},&quot;breakpoints&quot;:[{&quot;slidesPerView&quot;:1}]}\" class=\"wp-block-cover has-parallax\" style=\"padding-top:var(--wp--preset--spacing--60);padding-right:0px;padding-bottom:var(--wp--preset--spacing--60);padding-left:0px\"><div role=\"img\" aria-label=\"camping saint malo avec aire de jeux\" class=\"wp-block-cover__image-background wp-image-2473 size-full has-parallax\" style=\"background-position:50% 50%;background-image:url(https:\/\/www.lavillehuchet.com\/wp-content\/uploads\/2026\/01\/camping-saint-malo-avec-aire-de-jeux.jpg)\"><\/div><span aria-hidden=\"true\" class=\"wp-block-cover__background has-black-background-color has-background-dim-30 has-background-dim\"><\/span><div class=\"wp-block-cover__inner-container has-global-padding is-layout-constrained wp-container-core-cover-is-layout-c82568c3 wp-block-cover-is-layout-constrained\">\n<div class=\"wp-block-columns alignfull are-vertically-aligned-center is-layout-flex wp-container-core-columns-is-layout-28f84493 wp-block-columns-is-layout-flex\">\n<div class=\"wp-block-column is-vertically-aligned-center is-layout-flow wp-block-column-is-layout-flow\" style=\"flex-basis:55%\">\n<div class=\"wp-block-group is-vertical is-content-justification-right is-layout-flex wp-container-core-group-is-layout-c0d519fa wp-block-group-is-layout-flex\">\n<div class=\"wp-block-group has-global-padding is-layout-constrained wp-container-core-group-is-layout-e1ac5de0 wp-block-group-is-layout-constrained\" style=\"padding-right:var(--wp--preset--spacing--10);padding-left:var(--wp--preset--spacing--30)\">\n<p class=\"slogan has-bile-font-family\" style=\"font-size:clamp(61.532px, 3.846rem + ((1vw - 3.2px) * 7.132), 130px);line-height:.8\">\u00c0 la Ville Huchet, les enfants ont leur royaume.<\/p>\n<\/div>\n<\/div>\n<\/div>\n\n\n\n<div class=\"wp-block-column is-vertically-aligned-center has-base-background-color has-background is-layout-flow wp-block-column-is-layout-flow\" style=\"padding-top:var(--wp--preset--spacing--40);padding-right:var(--wp--preset--spacing--50);padding-bottom:var(--wp--preset--spacing--40);padding-left:var(--wp--preset--spacing--50);flex-basis:45%\">\n<h2 class=\"wp-block-heading has-text-align-left sous-menu has-text-color has-link-color has-bile-font-family wp-elements-c19ddf380e8c5b8b178314826fb2f03e\" style=\"color:#1379a1a1;font-size:clamp(35.2px, 2.2rem + ((1vw - 3.2px) * 3), 64px);line-height:.8\">Activit\u00e9s et jeux pour les enfants<\/h2>\n\n\n\n<p class=\"has-contrast-color has-text-color has-link-color wp-elements-7f22e40102e6f719aacf88a771508237\">Le <strong>camping de la Ville Huchet \u00e0 Saint-Malo<\/strong> propose de nombreuses <strong>activit\u00e9s et animations pour les enfants<\/strong>.<\/p>\n\n\n\n<p class=\"has-contrast-color has-text-color has-link-color wp-elements-0d811bf4787b882fdeaac1a255c263bc\">Au c\u0153ur d\u2019un domaine <strong>clos de murs<\/strong>, ancien parc du ch\u00e2teau, les plus jeunes profitent d\u2019un environnement s\u00fbr pour <strong>jouer, explorer et s\u2019amuser en toute libert\u00e9<\/strong>. <\/p>\n\n\n\n<p class=\"has-contrast-color has-text-color has-link-color wp-elements-c1214546579b6df0c38f08a29eea0eb3\">Le <strong>club enfants<\/strong> gratuit les accueille en \u00e9t\u00e9 avec l\u2019<strong>aire de jeux<\/strong>, le <strong>trampoline<\/strong> et le <strong>ch\u00e2teau gonflable<\/strong> pour des heures de rires entre copains.<\/p>\n<\/div>\n<\/div>\n<\/div><\/div>\n<\/section>\n\n\n\n<div class=\"wp-block-group alignfull has-contrast-2-background-color has-background has-global-padding is-layout-constrained wp-block-group-is-layout-constrained\" style=\"margin-top:0px;padding-top:var(--wp--preset--spacing--40);padding-bottom:var(--wp--preset--spacing--40)\">\n<div class=\"wp-block-columns alignwide is-layout-flex wp-container-core-columns-is-layout-e7dea2a7 wp-block-columns-is-layout-flex\" style=\"border-radius:0px;margin-top:0px;margin-right:0px;margin-bottom:0px;margin-left:0px;padding-top:var(--wp--preset--spacing--50);padding-right:0px;padding-bottom:var(--wp--preset--spacing--30);padding-left:0px\">\n<div class=\"wp-block-column is-vertically-aligned-center is-layout-flow wp-block-column-is-layout-flow\" style=\"flex-basis:50%\">\n<div class=\"wp-block-group animated fadeInLeft slow is-vertical is-content-justification-left is-layout-flex wp-container-core-group-is-layout-6c9a6f5f wp-block-group-is-layout-flex\" style=\"margin-top:0px;margin-right:0px;margin-bottom:0px;margin-left:0px\">\n<p class=\"slogan has-base-color has-text-color has-link-color has-bile-font-family wp-elements-2898d4edd60de514408c6485f526f261\" style=\"font-size:clamp(61.532px, 3.846rem + ((1vw - 3.2px) * 7.132), 130px);line-height:.8\">Un cadre s\u00e9curis\u00e9<\/p>\n\n\n\n<p class=\"has-base-color has-text-color has-link-color has-bile-font-family has-x-large-font-size wp-elements-91262d7a4c92858a86a0bf351f3571c5\" style=\"line-height:.8\">pour s\u2019amuser, explorer et partager<\/p>\n<\/div>\n<\/div>\n\n\n\n<div class=\"wp-block-column is-vertically-aligned-center is-layout-flow wp-block-column-is-layout-flow\" style=\"flex-basis:50%\">\n<div class=\"wp-block-group is-vertical is-content-justification-center is-nowrap is-layout-flex wp-container-core-group-is-layout-0548d6db wp-block-group-is-layout-flex\" style=\"border-radius:0px;margin-top:0px;margin-right:0px;margin-bottom:0px;margin-left:0px;padding-top:0px;padding-right:0px;padding-bottom:0px;padding-left:0px\">\n<div class=\"wp-block-group has-global-padding is-content-justification-left is-layout-constrained wp-container-core-group-is-layout-b4f7890b wp-block-group-is-layout-constrained\" style=\"margin-top:0px;margin-right:0px;margin-bottom:0px;margin-left:0px\">\n<h3 class=\"wp-block-heading has-text-align-left has-libre-franklin-font-family has-accent-color has-text-color\" style=\"margin-top:var(--wp--preset--spacing--10);margin-right:0px;margin-bottom:var(--wp--preset--spacing--10);margin-left:0px;font-size:clamp(15.747px, 0.984rem + ((1vw - 3.2px) * 0.86), 24px);font-style:normal;font-weight:400;line-height:1.2;text-transform:uppercase\">Piscine et toboggan<\/h3>\n\n\n\n<p class=\"has-text-align-left has-base-color has-text-color has-libre-franklin-font-family\" style=\"margin-top:0px;margin-right:0px;margin-bottom:0px;margin-left:0px;font-size:clamp(14px, 0.875rem + ((1vw - 3.2px) * 0.417), 18px);font-style:normal;font-weight:300;line-height:1.7\">L\u2019espace aquatique du <strong>camping La Ville Huchet<\/strong> est un v\u00e9ritable terrain de jeu pour les enfants comme pour les parents. <\/p>\n\n\n\n<p class=\"has-text-align-left has-base-color has-text-color has-libre-franklin-font-family\" style=\"margin-top:0px;margin-right:0px;margin-bottom:0px;margin-left:0px;font-size:clamp(14px, 0.875rem + ((1vw - 3.2px) * 0.417), 18px);font-style:normal;font-weight:300;line-height:1.7\">La <strong>piscine ext\u00e9rieure<\/strong> compte <strong>cinq toboggans<\/strong> pour des glissades \u00e0 volont\u00e9. \u00c0 l\u2019int\u00e9rieur, les plus petits d\u00e9couvrent une <strong>pataugeoire chauff\u00e9e<\/strong> et une <strong>rivi\u00e8re \u00e0 contre-courant<\/strong>, id\u00e9ale pour s\u2019amuser en toute saison. L\u2019acc\u00e8s \u00e0 l\u2019espace aquatique est <strong>gratuit<\/strong> et permet de profiter pleinement de vos <strong>vacances en camping \u00e0 Saint-Malo<\/strong>, quel que soit le temps.<\/p>\n\n\n\n<p class=\"has-text-align-left has-base-color has-text-color has-libre-franklin-font-family\" style=\"margin-top:0px;margin-right:0px;margin-bottom:0px;margin-left:0px;font-size:clamp(14px, 0.875rem + ((1vw - 3.2px) * 0.417), 18px);font-style:normal;font-weight:300;line-height:1.7\"><\/p>\n<\/div>\n\n\n    <div id=\"gt-fse-lire-plus-69f3fc9ed8f3b\" class=\"gt-fse-lire-plus\" style=\"--min-height: 130px; background-color: #1378a0;\">\n        <input id=\"gt-fse-lire-plus-69f3fc9ed8f3b-toggle\" type=\"checkbox\" class=\"gt-fse-lire-plus__toggle\" \/>\n        <label for=\"gt-fse-lire-plus-69f3fc9ed8f3b-toggle\" class=\"gt-fse-lire-plus__toggle-label\">\n            <span>Lire plus<\/span>\n            <span>Lire moins<\/span>\n        <\/label>\n        <div class=\"gt-fse-lire-plus__content\">\n            \n\n<div class=\"wp-block-group has-global-padding is-content-justification-left is-layout-constrained wp-container-core-group-is-layout-b4f7890b wp-block-group-is-layout-constrained\" style=\"margin-top:0px;margin-right:0px;margin-bottom:0px;margin-left:0px\">\n<h3 class=\"wp-block-heading has-text-align-left has-libre-franklin-font-family has-accent-color has-text-color\" style=\"margin-top:var(--wp--preset--spacing--10);margin-right:0px;margin-bottom:var(--wp--preset--spacing--10);margin-left:0px;font-size:clamp(15.747px, 0.984rem + ((1vw - 3.2px) * 0.86), 24px);font-style:normal;font-weight:400;line-height:1.2;text-transform:uppercase\">Club enfants<\/h3>\n\n\n\n<p class=\"has-text-align-left has-base-color has-text-color has-libre-franklin-font-family\" style=\"margin-top:0px;margin-right:0px;margin-bottom:0px;margin-left:0px;font-size:clamp(14px, 0.875rem + ((1vw - 3.2px) * 0.417), 18px);font-style:normal;font-weight:300;line-height:1.7\">Durant les <strong>vacances d\u2019\u00e9t\u00e9 (juillet et ao\u00fbt)<\/strong>, le <strong>club enfants<\/strong> est l\u2019endroit id\u00e9al pour s\u2019amuser et faire de nouvelles rencontres. Encadr\u00e9s par des animateurs, les enfants de <strong>5 \u00e0 10 ans<\/strong> participent gratuitement \u00e0 des <strong>ateliers cr\u00e9atifs<\/strong>, des <strong>jeux de plein air<\/strong> et des <strong>chasses aux tr\u00e9sors<\/strong>. Un programme pens\u00e9 pour stimuler leur imagination, d\u00e9velopper l\u2019esprit d\u2019\u00e9quipe et vivre pleinement leurs <strong>vacances \u00e0 Saint-Malo<\/strong>.<\/p>\n<\/div>\n\n\n\n<div class=\"wp-block-group has-global-padding is-content-justification-left is-layout-constrained wp-container-core-group-is-layout-b4f7890b wp-block-group-is-layout-constrained\" style=\"margin-top:0px;margin-right:0px;margin-bottom:0px;margin-left:0px\">\n<h3 class=\"wp-block-heading has-text-align-left has-libre-franklin-font-family has-accent-color has-text-color\" style=\"margin-top:var(--wp--preset--spacing--10);margin-right:0px;margin-bottom:var(--wp--preset--spacing--10);margin-left:0px;font-size:clamp(15.747px, 0.984rem + ((1vw - 3.2px) * 0.86), 24px);font-style:normal;font-weight:400;line-height:1.2;text-transform:uppercase\">Aire de jeux, trampoline et ch\u00e2teau gonflable<\/h3>\n\n\n\n<p class=\"has-text-align-left has-base-color has-text-color has-libre-franklin-font-family\" style=\"margin-top:0px;margin-right:0px;margin-bottom:0px;margin-left:0px;font-size:clamp(14px, 0.875rem + ((1vw - 3.2px) * 0.417), 18px);font-style:normal;font-weight:300;line-height:1.7\">Tout au long de la saison, les plus jeunes profitent d\u2019un <strong>espace de jeux en plein air<\/strong>. <strong>Trampoline<\/strong>, <strong>structure gonflable<\/strong> et <strong>balan\u00e7oires<\/strong> les attendent pour des moments de rire et d\u2019\u00e9nergie en toute s\u00e9curit\u00e9. L\u2019acc\u00e8s est <strong>libre et gratuit<\/strong>, ainsi les enfants peuvent se d\u00e9penser pendant que les parents se d\u00e9tendent.<\/p>\n<\/div>\n\n            <div class=\"gt-fse-lire-plus__gradient\" style=\"background: linear-gradient(to bottom,rgba(19,120,160,0) 0%,rgba(19,120,160,1) 100%);\"><\/div>\n        <\/div>\n    <\/div>\n    <\/div>\n<\/div>\n<\/div>\n<\/div>\n\n\n\n<section class=\"wp-block-group alignfull section-heberg has-base-background-color has-background is-layout-flow wp-block-group-is-layout-flow\" style=\"margin-top:0px;padding-top:var(--wp--preset--spacing--50);padding-right:var(--wp--preset--spacing--50);padding-bottom:var(--wp--preset--spacing--50);padding-left:var(--wp--preset--spacing--50)\">\n<div class=\"wp-block-columns gt-reverse-mobile is-layout-flex wp-container-core-columns-is-layout-28f84493 wp-block-columns-is-layout-flex\">\n<div class=\"wp-block-column is-vertically-aligned-center is-layout-flow wp-block-column-is-layout-flow\">\n<figure class=\"wp-block-image size-full mh\"><img decoding=\"async\" width=\"820\" height=\"780\" src=\"https:\/\/www.lavillehuchet.com\/wp-content\/uploads\/2026\/01\/jeu-gonflable.jpg\" alt=\"jeu gonflable\" class=\"wp-image-2479\" srcset=\"https:\/\/www.lavillehuchet.com\/wp-content\/uploads\/2026\/01\/jeu-gonflable.jpg 820w, https:\/\/www.lavillehuchet.com\/wp-content\/uploads\/2026\/01\/jeu-gonflable-300x285.jpg 300w, https:\/\/www.lavillehuchet.com\/wp-content\/uploads\/2026\/01\/jeu-gonflable-768x731.jpg 768w\" sizes=\"(max-width: 820px) 100vw, 820px\" \/><\/figure>\n<\/div>\n\n\n\n<div class=\"wp-block-column is-vertically-aligned-center is-layout-flow wp-block-column-is-layout-flow\" style=\"padding-left:var(--wp--preset--spacing--40)\">\n<div class=\"wp-block-group is-vertical is-layout-flex wp-container-core-group-is-layout-98bb686d wp-block-group-is-layout-flex\">\n<div class=\"wp-block-group is-vertical is-content-justification-left is-layout-flex wp-container-core-group-is-layout-6c9a6f5f wp-block-group-is-layout-flex\" style=\"margin-top:0px;margin-right:0px;margin-bottom:0px;margin-left:0px\">\n<figure class=\"wp-block-image size-large\" style=\"margin-bottom:var(--wp--preset--spacing--30)\"><img decoding=\"async\" width=\"196\" height=\"67\" src=\"https:\/\/www.lavillehuchet.com\/wp-content\/uploads\/2025\/10\/Mode_Isolation.svg\" alt=\"Mode_Isolation\" class=\"wp-image-284\"\/><\/figure>\n<\/div>\n\n\n\n<h2 class=\"wp-block-heading slogan has-contrast-2-color has-text-color has-link-color has-bile-font-family wp-elements-7635cdf8211bd82edba567278bdfac9e\" style=\"font-size:clamp(46.987px, 2.937rem + ((1vw - 3.2px) * 4.689), 92px);line-height:.8\">Activit\u00e9s et jeux pour les familles<\/h2>\n\n\n\n<p class=\"sous-menu has-text-color has-link-color has-bile-font-family wp-elements-5943beba75823509085be151cd40e62c\" style=\"color:#1379a1a1;font-size:clamp(35.2px, 2.2rem + ((1vw - 3.2px) * 3), 64px);line-height:.8\">Des moments \u00e0 partager, entre sport, d\u00e9tente et convivialit\u00e9.<\/p>\n\n\n\n<p>Le camping de la Ville Huchet \u00e0 Saint-Malo propose une multitude d\u2019<strong>activit\u00e9s et animations pour toute la famille<\/strong>. Chacun trouve son rythme entre d\u00e9tente, sport et convivialit\u00e9 : une partie de mini-golf, un moment dans la salle de jeux avec billard, fl\u00e9chettes et jeux pour enfants, ou encore un tournoi sur le terrain multisport ou les tables de ping-pong.<\/p>\n\n\n\n<p>En soir\u00e9e pendant les mois de juillet et ao\u00fbt, le camping s\u2019anime avec des concerts, karaok\u00e9s, soir\u00e9es bretonnes, bingo et spectacles qui rassemblent petits et grands. Les vacanciers peuvent aussi louer des v\u00e9los pour d\u00e9couvrir Saint-Malo et la C\u00f4te d\u2019\u00c9meraude \u00e0 leur rythme.<\/p>\n<\/div>\n<\/div>\n<\/div>\n<\/section>\n\n\n\n<div class=\"wp-block-group alignfull has-contrast-2-background-color has-background has-global-padding is-layout-constrained wp-block-group-is-layout-constrained\" style=\"margin-top:0px;padding-top:var(--wp--preset--spacing--40);padding-bottom:var(--wp--preset--spacing--40)\">\n<div class=\"wp-block-columns alignwide is-layout-flex wp-container-core-columns-is-layout-e7dea2a7 wp-block-columns-is-layout-flex\" style=\"border-radius:0px;margin-top:0px;margin-right:0px;margin-bottom:0px;margin-left:0px;padding-top:var(--wp--preset--spacing--50);padding-right:0px;padding-bottom:var(--wp--preset--spacing--30);padding-left:0px\">\n<div class=\"wp-block-column is-vertically-aligned-center is-layout-flow wp-block-column-is-layout-flow\" style=\"flex-basis:50%\">\n<div class=\"wp-block-group is-vertical is-content-justification-center is-nowrap is-layout-flex wp-container-core-group-is-layout-0548d6db wp-block-group-is-layout-flex\" style=\"border-radius:0px;margin-top:0px;margin-right:0px;margin-bottom:0px;margin-left:0px;padding-top:0px;padding-right:0px;padding-bottom:0px;padding-left:0px\">\n<div class=\"wp-block-group has-global-padding is-content-justification-left is-layout-constrained wp-container-core-group-is-layout-b4f7890b wp-block-group-is-layout-constrained\" style=\"margin-top:0px;margin-right:0px;margin-bottom:0px;margin-left:0px\">\n<h3 class=\"wp-block-heading has-text-align-left has-libre-franklin-font-family has-accent-color has-text-color\" style=\"margin-top:var(--wp--preset--spacing--10);margin-right:0px;margin-bottom:var(--wp--preset--spacing--10);margin-left:0px;font-size:clamp(15.747px, 0.984rem + ((1vw - 3.2px) * 0.86), 24px);font-style:normal;font-weight:400;line-height:1.2;text-transform:uppercase\">Mini-golf<\/h3>\n\n\n\n<p class=\"has-text-align-left has-base-color has-text-color has-libre-franklin-font-family\" style=\"margin-top:0px;margin-right:0px;margin-bottom:0px;margin-left:0px;font-size:clamp(14px, 0.875rem + ((1vw - 3.2px) * 0.417), 18px);font-style:normal;font-weight:300;line-height:1.7\">Au milieu des canons, \u00e9paves, tonneaux et boulets, partagez une partie de <strong>mini-golf<\/strong> en famille sur le th\u00e8me des corsaires.<\/p>\n\n\n\n<p class=\"has-base-color has-text-color has-link-color wp-elements-977c0c1fe1b99657be7c41261adca558\">Accessible \u00e0 tous, ce <strong>parcours ludique et original<\/strong> promet de bons moments apr\u00e8s une journ\u00e9e de plage ou de visite.<\/p>\n\n\n\n<p class=\"has-text-align-left has-base-color has-text-color has-libre-franklin-font-family\" style=\"margin-top:0px;margin-right:0px;margin-bottom:0px;margin-left:0px;font-size:clamp(14px, 0.875rem + ((1vw - 3.2px) * 0.417), 18px);font-style:normal;font-weight:300;line-height:1.7\">Ouvert toute la saison \u2013 Tarif : 2 \u20ac par club.<\/p>\n<\/div>\n\n\n\n<div class=\"wp-block-group has-global-padding is-content-justification-left is-layout-constrained wp-container-core-group-is-layout-b4f7890b wp-block-group-is-layout-constrained\" style=\"margin-top:0px;margin-right:0px;margin-bottom:0px;margin-left:0px\">\n<h3 class=\"wp-block-heading has-text-align-left has-libre-franklin-font-family has-accent-color has-text-color\" style=\"margin-top:var(--wp--preset--spacing--10);margin-right:0px;margin-bottom:var(--wp--preset--spacing--10);margin-left:0px;font-size:clamp(15.747px, 0.984rem + ((1vw - 3.2px) * 0.86), 24px);font-style:normal;font-weight:400;line-height:1.2;text-transform:uppercase\">Soir\u00e9es \u00e0 th\u00e8me<\/h3>\n\n\n\n<p class=\"has-text-align-left has-base-color has-text-color has-libre-franklin-font-family\" style=\"margin-top:0px;margin-right:0px;margin-bottom:0px;margin-left:0px;font-size:clamp(14px, 0.875rem + ((1vw - 3.2px) * 0.417), 18px);font-style:normal;font-weight:300;line-height:1.7\">En juillet et ao\u00fbt, les soir\u00e9es du camping s\u2019animent autour de <strong>rendez-vous conviviaux<\/strong> : concerts, karaok\u00e9s, jeux ap\u00e9ros, soir\u00e9es bretonnes, loto, spectacles de magie,&#8230;&nbsp;<\/p>\n\n\n\n<p class=\"has-text-align-left has-base-color has-text-color has-libre-franklin-font-family\" style=\"margin-top:0px;margin-right:0px;margin-bottom:0px;margin-left:0px;font-size:clamp(14px, 0.875rem + ((1vw - 3.2px) * 0.417), 18px);font-style:normal;font-weight:300;line-height:1.7\">Autant d\u2019occasions de prolonger la journ\u00e9e dans une ambiance d\u00e9tendue, entre rires, musique et partage.<\/p>\n<\/div>\n\n\n\n<div class=\"wp-block-group has-global-padding is-content-justification-left is-layout-constrained wp-container-core-group-is-layout-b4f7890b wp-block-group-is-layout-constrained\" style=\"margin-top:0px;margin-right:0px;margin-bottom:0px;margin-left:0px\">\n<h3 class=\"wp-block-heading has-text-align-left has-libre-franklin-font-family has-accent-color has-text-color\" style=\"margin-top:var(--wp--preset--spacing--10);margin-right:0px;margin-bottom:var(--wp--preset--spacing--10);margin-left:0px;font-size:clamp(15.747px, 0.984rem + ((1vw - 3.2px) * 0.86), 24px);font-style:normal;font-weight:400;line-height:1.2;text-transform:uppercase\">Jeux, billard, fl\u00e9chettes et mini baby-foot dans l\u2019espace bar<\/h3>\n\n\n\n<p class=\"has-text-align-left has-base-color has-text-color has-libre-franklin-font-family\" style=\"margin-top:0px;margin-right:0px;margin-bottom:0px;margin-left:0px;font-size:clamp(14px, 0.875rem + ((1vw - 3.2px) * 0.417), 18px);font-style:normal;font-weight:300;line-height:1.7\">Dans la grande salle, le <strong>coin jeux <\/strong>du camping vous invite \u00e0 passer des moments conviviaux en famille ou entre amis.&nbsp;<\/p>\n\n\n\n<p class=\"has-text-align-left has-base-color has-text-color has-libre-franklin-font-family\" style=\"margin-top:0px;margin-right:0px;margin-bottom:0px;margin-left:0px;font-size:clamp(14px, 0.875rem + ((1vw - 3.2px) * 0.417), 18px);font-style:normal;font-weight:300;line-height:1.7\">Billard (2 \u20ac la partie), fl\u00e9chettes, mini baby-foot et machine \u00e0 peluches vous attendent toute la saison pour des pauses ludiques \u00e0 tout moment de la journ\u00e9e. Rires et d\u00e9fi garantis !<\/p>\n<\/div>\n<\/div>\n<\/div>\n\n\n\n<div class=\"wp-block-column is-vertically-aligned-center is-layout-flow wp-block-column-is-layout-flow\">\n<figure class=\"wp-block-image size-full mh\"><img decoding=\"async\" width=\"820\" height=\"780\" src=\"https:\/\/www.lavillehuchet.com\/wp-content\/uploads\/2026\/01\/golf-camping-ville-huchet.jpg\" alt=\"golf camping ville huchet\" class=\"wp-image-2481\" srcset=\"https:\/\/www.lavillehuchet.com\/wp-content\/uploads\/2026\/01\/golf-camping-ville-huchet.jpg 820w, https:\/\/www.lavillehuchet.com\/wp-content\/uploads\/2026\/01\/golf-camping-ville-huchet-300x285.jpg 300w, https:\/\/www.lavillehuchet.com\/wp-content\/uploads\/2026\/01\/golf-camping-ville-huchet-768x731.jpg 768w\" sizes=\"(max-width: 820px) 100vw, 820px\" \/><\/figure>\n<\/div>\n<\/div>\n<\/div>\n\n\n\n<section class=\"wp-block-group alignfull section-heberg has-contrast-2-background-color has-background is-layout-flow wp-block-group-is-layout-flow\" style=\"margin-top:0px;padding-top:var(--wp--preset--spacing--50);padding-right:var(--wp--preset--spacing--50);padding-bottom:var(--wp--preset--spacing--50);padding-left:var(--wp--preset--spacing--50)\">\n<div class=\"wp-block-columns are-vertically-aligned-center is-layout-flex wp-container-core-columns-is-layout-28f84493 wp-block-columns-is-layout-flex\">\n<div class=\"wp-block-column is-vertically-aligned-center is-layout-flow wp-block-column-is-layout-flow\">\n<figure class=\"wp-block-image size-full mh\"><img decoding=\"async\" width=\"820\" height=\"780\" src=\"https:\/\/www.lavillehuchet.com\/wp-content\/uploads\/2026\/01\/terrain-multisport-camping-saint-malo.jpg\" alt=\"terrain multisport camping saint malo\" class=\"wp-image-2483\" srcset=\"https:\/\/www.lavillehuchet.com\/wp-content\/uploads\/2026\/01\/terrain-multisport-camping-saint-malo.jpg 820w, https:\/\/www.lavillehuchet.com\/wp-content\/uploads\/2026\/01\/terrain-multisport-camping-saint-malo-300x285.jpg 300w, https:\/\/www.lavillehuchet.com\/wp-content\/uploads\/2026\/01\/terrain-multisport-camping-saint-malo-768x731.jpg 768w\" sizes=\"(max-width: 820px) 100vw, 820px\" \/><\/figure>\n<\/div>\n\n\n\n<div class=\"wp-block-column is-vertically-aligned-center is-layout-flow wp-block-column-is-layout-flow\" style=\"padding-right:var(--wp--preset--spacing--30)\">\n<div class=\"wp-block-group is-vertical is-layout-flex wp-container-core-group-is-layout-98bb686d wp-block-group-is-layout-flex\">\n<h3 class=\"wp-block-heading has-libre-franklin-font-family has-accent-color has-text-color\" style=\"margin-top:var(--wp--preset--spacing--10);margin-right:0px;margin-bottom:var(--wp--preset--spacing--10);margin-left:0px;font-size:clamp(15.747px, 0.984rem + ((1vw - 3.2px) * 0.86), 24px);font-style:normal;font-weight:400;line-height:1.2;text-transform:uppercase\"><mark style=\"background-color:rgba(0, 0, 0, 0)\" class=\"has-inline-color has-accent-color\">Terrain multisport, boulodrome et tables de ping-pong<\/mark><\/h3>\n\n\n\n<p class=\"has-base-color has-text-color has-link-color wp-elements-9ec7c99d80c880cfb38a343aaba590f4\">Envie de bouger ? Le<strong> terrain multisport<\/strong> ouvert de 9 h \u00e0 21 h accueille petits et grands pour des parties de football, basketball, badminton, handball ou volley-ball.<\/p>\n\n\n\n<p class=\"has-base-color has-text-color has-link-color wp-elements-e75999fb9f704d194c42c34e9d38d8f6\">Des <strong>tournois<\/strong> sont r\u00e9guli\u00e8rement organis\u00e9s par l\u2019\u00e9quipe d\u2019animation en haute saison pour un peu de comp\u00e9tition amicale.<\/p>\n\n\n\n<p class=\"has-base-color has-text-color has-link-color wp-elements-350b2d3b9d027df417c1a304cb3d75c0\">Les tables de <strong>ping-pong<\/strong> et le<strong> boulodrome<\/strong> compl\u00e8tent les installations sportives, accessibles gratuitement toute la saison.<\/p>\n\n\n\n<p class=\"has-base-color has-text-color has-link-color wp-elements-72d47861817a2167b02e38690d72d584\">Pr\u00eat de raquettes, balles et ballons \u00e0 la r\u00e9ception (sous r\u00e9serve de disponibilit\u00e9).<\/p>\n\n\n\n<h3 class=\"wp-block-heading has-libre-franklin-font-family has-accent-color has-text-color\" style=\"margin-top:var(--wp--preset--spacing--10);margin-right:0px;margin-bottom:var(--wp--preset--spacing--10);margin-left:0px;font-size:clamp(15.747px, 0.984rem + ((1vw - 3.2px) * 0.86), 24px);font-style:normal;font-weight:400;line-height:1.2;text-transform:uppercase\">Location de v\u00e9los<\/h3>\n\n\n\n<p class=\"has-base-color has-text-color has-link-color wp-elements-eb95efdb8216b70507eab2e12c90d0d4\">Envie de d\u00e9couvrir Saint-Malo autrement ?<\/p>\n\n\n\n<p class=\"has-base-color has-text-color has-link-color wp-elements-c323584ac959dcc332d87034105ccc3c\">Gr\u00e2ce \u00e0 notre partenaire <strong>V\u00e9lo \u00c9meraude<\/strong>, louez facilement <strong>v\u00e9los \u00e9lectriques<\/strong>, <strong>v\u00e9los classiques<\/strong> ou <strong>tandems<\/strong>.<\/p>\n\n\n\n<p class=\"has-base-color has-text-color has-link-color wp-elements-c585b698cf1a18e82270d46eab2dee48\">Vos v\u00e9los sont livr\u00e9s directement au camping apr\u00e8s r\u00e9servation par t\u00e9l\u00e9phone (<strong>06 58 02 24 61<\/strong>) ou en ligne sur <a href=\"https:\/\/www.velo-corsaire.fr\" target=\"_blank\" rel=\"noreferrer noopener nofollow\">velo-corsaire.fr<\/a>. Une fa\u00e7on id\u00e9ale d\u2019explorer la <strong>C\u00f4te d\u2019\u00c9meraude<\/strong> et les environs de <strong>Saint-Malo<\/strong> en toute libert\u00e9.<\/p>\n<\/div>\n<\/div>\n<\/div>\n<\/section>\n\n\n\n<section class=\"wp-block-group alignfull section-engagement is-layout-flow wp-block-group-is-layout-flow\" style=\"padding-top:var(--wp--preset--spacing--50);padding-right:var(--wp--preset--spacing--50);padding-bottom:var(--wp--preset--spacing--50);padding-left:var(--wp--preset--spacing--50)\">\n<div data-swiper=\"{&quot;speed&quot;:1000,&quot;autoplay&quot;:{&quot;delay&quot;:5000,&quot;disableOnInteraction&quot;:false},&quot;spaceBetween&quot;:0,&quot;slidesPerView&quot;:1,&quot;pagination&quot;:{&quot;el&quot;:&quot;.swiper-pagination&quot;,&quot;dynamicBullets&quot;:true,&quot;clickable&quot;:true,&quot;type&quot;:&quot;bullets&quot;},&quot;navigation&quot;:{&quot;nextEl&quot;:&quot;.swiper-button-next&quot;,&quot;prevEl&quot;:&quot;.swiper-button-prev&quot;},&quot;breakpoints&quot;:[{&quot;slidesPerView&quot;:1}]}\" class=\"wp-block-cover has-parallax\" style=\"padding-top:var(--wp--preset--spacing--60);padding-right:0px;padding-bottom:var(--wp--preset--spacing--60);padding-left:0px\"><div role=\"img\" aria-label=\"espace bien etre camping saint malo\" class=\"wp-block-cover__image-background wp-image-2485 size-full has-parallax\" style=\"background-position:50% 50%;background-image:url(https:\/\/www.lavillehuchet.com\/wp-content\/uploads\/2026\/01\/espace-bien-etre-camping-saint-malo.jpg)\"><\/div><span aria-hidden=\"true\" class=\"wp-block-cover__background has-black-background-color has-background-dim-30 has-background-dim\"><\/span><div class=\"wp-block-cover__inner-container has-global-padding is-layout-constrained wp-container-core-cover-is-layout-c82568c3 wp-block-cover-is-layout-constrained\">\n<div class=\"wp-block-columns alignfull is-layout-flex wp-container-core-columns-is-layout-28f84493 wp-block-columns-is-layout-flex\">\n<div class=\"wp-block-column is-layout-flow wp-block-column-is-layout-flow\" style=\"flex-basis:55%\">\n<div class=\"wp-block-group is-vertical is-content-justification-right is-layout-flex wp-container-core-group-is-layout-c0d519fa wp-block-group-is-layout-flex\">\n<div class=\"wp-block-group has-global-padding is-layout-constrained wp-container-core-group-is-layout-e1ac5de0 wp-block-group-is-layout-constrained\" style=\"padding-right:var(--wp--preset--spacing--10);padding-left:var(--wp--preset--spacing--30)\">\n<p class=\"slogan has-bile-font-family\" style=\"font-size:clamp(61.532px, 3.846rem + ((1vw - 3.2px) * 7.132), 130px);line-height:.8\">Parce que les vacances, c\u2019est aussi le moment de souffler.<\/p>\n<\/div>\n<\/div>\n<\/div>\n\n\n\n<div class=\"wp-block-column is-vertically-aligned-center has-base-background-color has-background is-layout-flow wp-block-column-is-layout-flow\" style=\"padding-top:var(--wp--preset--spacing--40);padding-right:var(--wp--preset--spacing--50);padding-bottom:var(--wp--preset--spacing--40);padding-left:var(--wp--preset--spacing--50);flex-basis:45%\">\n<h2 class=\"wp-block-heading has-text-align-left sous-menu has-text-color has-link-color has-bile-font-family wp-elements-35cac5bcb313bc84e9309a3719f2d747\" style=\"color:#1379a1a1;font-size:clamp(35.2px, 2.2rem + ((1vw - 3.2px) * 3), 64px);line-height:.8\">Bien-\u00eatre et remise en forme<\/h2>\n\n\n\n<p class=\"has-contrast-color has-text-color has-link-color wp-elements-d50e4132b5f2db251a5acfac7d27d2ae\">Le camping de la Ville Huchet \u00e0 Saint-Malo offre un espace d\u00e9di\u00e9 \u00e0 la <strong>d\u00e9tente<\/strong> et au <strong>bien-\u00eatre<\/strong>. <\/p>\n\n\n\n<p class=\"has-contrast-color has-text-color has-link-color wp-elements-9a9463775086e8eb3d32d25f60c475af\">Les vacanciers peuvent profiter d\u2019un sauna, d\u2019une salle de fitness \u00e9quip\u00e9e, et de cours d&rsquo;aqua fun propos\u00e9s en \u00e9t\u00e9 pour allier sport et plaisir.<\/p>\n\n\n\n<h3 class=\"wp-block-heading has-libre-franklin-font-family has-accent-color has-text-color\" style=\"margin-top:var(--wp--preset--spacing--10);margin-right:0px;margin-bottom:var(--wp--preset--spacing--10);margin-left:0px;font-size:clamp(15.747px, 0.984rem + ((1vw - 3.2px) * 0.86), 24px);font-style:normal;font-weight:400;line-height:1.2;text-transform:uppercase\">Sauna pour se ressourcer<\/h3>\n\n\n\n<p class=\"has-contrast-color has-text-color has-link-color wp-elements-2353db59a06ac095863681afec0d7612\">Apr\u00e8s une journ\u00e9e bien remplie, offrez-vous une pause dans le <strong>sauna <\/strong>du camping.<\/p>\n\n\n\n<p class=\"has-contrast-color has-text-color has-link-color wp-elements-d1ea1523e6763ce2f3df07ed6eaf51e0\">Un moment de <strong>bien-\u00eatre<\/strong> \u00e0 savourer, pour se recentrer avant une nouvelle journ\u00e9e d\u2019exploration \u00e0 <strong>Saint-Malo<\/strong>.<\/p>\n\n\n\n<p class=\"has-contrast-color has-text-color has-link-color wp-elements-d1eb32018e1a42d2e11ac91a6842f659\"><strong>Ouvert toute la saison \u2013 Acc\u00e8s gratuit.<\/strong><\/p>\n<\/div>\n<\/div>\n<\/div><\/div>\n<\/section>\n\n\n\n<section class=\"wp-block-group alignfull section-heberg has-base-2-background-color has-background is-layout-flow wp-block-group-is-layout-flow\" style=\"margin-top:0px;padding-top:var(--wp--preset--spacing--40);padding-right:var(--wp--preset--spacing--50);padding-bottom:var(--wp--preset--spacing--40);padding-left:var(--wp--preset--spacing--50)\">\n<div class=\"wp-block-columns are-vertically-aligned-center gt-reverse-mobile is-layout-flex wp-container-core-columns-is-layout-28f84493 wp-block-columns-is-layout-flex\">\n<div class=\"wp-block-column is-vertically-aligned-center is-layout-flow wp-block-column-is-layout-flow\" style=\"padding-left:var(--wp--preset--spacing--40)\">\n<div class=\"wp-block-group is-vertical is-layout-flex wp-container-core-group-is-layout-98bb686d wp-block-group-is-layout-flex\">\n<h3 class=\"wp-block-heading has-text-align-left has-libre-franklin-font-family has-contrast-2-color has-text-color\" style=\"margin-top:var(--wp--preset--spacing--10);margin-right:0px;margin-bottom:0px;margin-left:0px;font-size:clamp(15.747px, 0.984rem + ((1vw - 3.2px) * 0.86), 24px);font-style:normal;font-weight:400;line-height:1.2;text-transform:uppercase\">Salle de fitness<\/h3>\n\n\n\n<p>La salle de <strong>fitness<\/strong> du Camping de la Ville Huchet est ouverte toute la saison pour garder la forme m\u00eame en vacances. <\/p>\n\n\n\n<p>Tapis de course, v\u00e9lo d\u2019entra\u00eenement, rameur, machines de musculation et \u00e9quipements de renforcement vous attendent pour travailler cardio et tonus. L\u2019acc\u00e8s est gratuit pour nos vacanciers, r\u00e9serv\u00e9 aux adultes et aux mineurs accompagn\u00e9s.<\/p>\n\n\n\n<h3 class=\"wp-block-heading has-text-align-left has-libre-franklin-font-family has-contrast-2-color has-text-color\" style=\"margin-top:var(--wp--preset--spacing--10);margin-right:0px;margin-bottom:0px;margin-left:0px;font-size:clamp(15.747px, 0.984rem + ((1vw - 3.2px) * 0.86), 24px);font-style:normal;font-weight:400;line-height:1.2;text-transform:uppercase\">Aquafun et tournois sportifs<\/h3>\n\n\n\n<p>En journ\u00e9e de haute saison, place \u00e0 la bonne humeur avec des <strong>activit\u00e9s aquatiques <\/strong>et des <strong>tournois sportifs<\/strong> organis\u00e9s par l\u2019\u00e9quipe d\u2019animation.<\/p>\n\n\n\n<p>Les cours d&rsquo;aqua fun, accessibles gratuitement en juillet et ao\u00fbt, permettent de se d\u00e9penser tout en s\u2019amusant.<\/p>\n\n\n\n<p>Un moyen id\u00e9al de conjuguer \u00e9nergie, d\u00e9tente et convivialit\u00e9 pendant vos vacances \u00e0 Saint-Malo.<\/p>\n<\/div>\n<\/div>\n\n\n\n<div class=\"wp-block-column is-vertically-aligned-center is-layout-flow wp-block-column-is-layout-flow\">\n<figure class=\"wp-block-image aligncenter size-full mh\"><img decoding=\"async\" width=\"1280\" height=\"853\" src=\"https:\/\/www.lavillehuchet.com\/wp-content\/uploads\/2026\/01\/camping-avec-salle-de-fitness-saint-malo.jpg\" alt=\"camping avec salle de fitness saint malo\" class=\"wp-image-2487\" srcset=\"https:\/\/www.lavillehuchet.com\/wp-content\/uploads\/2026\/01\/camping-avec-salle-de-fitness-saint-malo.jpg 1280w, https:\/\/www.lavillehuchet.com\/wp-content\/uploads\/2026\/01\/camping-avec-salle-de-fitness-saint-malo-300x200.jpg 300w, https:\/\/www.lavillehuchet.com\/wp-content\/uploads\/2026\/01\/camping-avec-salle-de-fitness-saint-malo-1024x682.jpg 1024w, https:\/\/www.lavillehuchet.com\/wp-content\/uploads\/2026\/01\/camping-avec-salle-de-fitness-saint-malo-768x512.jpg 768w\" sizes=\"(max-width: 1280px) 100vw, 1280px\" \/><\/figure>\n<\/div>\n<\/div>\n<\/section>\n\n\n\n<section class=\"wp-block-group alignfull section-heberg has-base-2-background-color has-background is-layout-flow wp-block-group-is-layout-flow\" style=\"margin-top:0px;padding-top:var(--wp--preset--spacing--30);padding-right:var(--wp--preset--spacing--50);padding-bottom:var(--wp--preset--spacing--30);padding-left:var(--wp--preset--spacing--50)\">\n<div class=\"wp-block-columns are-vertically-aligned-center gt-reverse-mobile is-layout-flex wp-container-core-columns-is-layout-28f84493 wp-block-columns-is-layout-flex\">\n<div class=\"wp-block-column is-vertically-aligned-center is-layout-flow wp-block-column-is-layout-flow\">\n<figure class=\"wp-block-image aligncenter size-full mh\"><img decoding=\"async\" width=\"1280\" height=\"853\" src=\"https:\/\/www.lavillehuchet.com\/wp-content\/uploads\/2026\/02\/camping-ville-huchet-piscine.jpg\" alt=\"camping ville huchet piscine\" class=\"wp-image-3290\" srcset=\"https:\/\/www.lavillehuchet.com\/wp-content\/uploads\/2026\/02\/camping-ville-huchet-piscine.jpg 1280w, https:\/\/www.lavillehuchet.com\/wp-content\/uploads\/2026\/02\/camping-ville-huchet-piscine-300x200.jpg 300w, https:\/\/www.lavillehuchet.com\/wp-content\/uploads\/2026\/02\/camping-ville-huchet-piscine-1024x682.jpg 1024w, https:\/\/www.lavillehuchet.com\/wp-content\/uploads\/2026\/02\/camping-ville-huchet-piscine-768x512.jpg 768w\" sizes=\"(max-width: 1280px) 100vw, 1280px\" \/><\/figure>\n<\/div>\n\n\n\n<div class=\"wp-block-column is-vertically-aligned-center is-layout-flow wp-block-column-is-layout-flow\" style=\"padding-left:var(--wp--preset--spacing--40)\">\n<div class=\"wp-block-group is-vertical is-layout-flex wp-container-core-group-is-layout-98bb686d wp-block-group-is-layout-flex\">\n<h3 class=\"wp-block-heading has-text-align-left has-libre-franklin-font-family has-contrast-2-color has-text-color\" style=\"margin-top:var(--wp--preset--spacing--10);margin-right:0px;margin-bottom:0px;margin-left:0px;font-size:clamp(15.747px, 0.984rem + ((1vw - 3.2px) * 0.86), 24px);font-style:normal;font-weight:400;line-height:1.2;text-transform:uppercase\">Espace jacuzzi et bulles pour se d\u00e9tendre dans la piscine int\u00e9rieure<\/h3>\n\n\n\n<p>Entre deux baignades, accordez-vous un moment de relaxation dans la piscine int\u00e9rieure du camping.<\/p>\n\n\n\n<p>L\u2019<strong>espace jacuzzi <\/strong>et ses bulles massantes invitent \u00e0 rel\u00e2cher la pression et \u00e0 profiter d\u2019un v\u00e9ritable instant de bien-\u00eatre, quelle que soit la m\u00e9t\u00e9o.<\/p>\n\n\n\n<h3 class=\"wp-block-heading has-text-align-left has-libre-franklin-font-family has-contrast-2-color has-text-color\" style=\"margin-top:var(--wp--preset--spacing--10);margin-right:0px;margin-bottom:0px;margin-left:0px;font-size:clamp(15.747px, 0.984rem + ((1vw - 3.2px) * 0.86), 24px);font-style:normal;font-weight:400;line-height:1.2;text-transform:uppercase\">Salle de massage<\/h3>\n\n\n\n<p>Ouvert toute l\u2019ann\u00e9e&nbsp;(sur r\u00e9servation uniquement).<\/p>\n\n\n\n<p>Pendant la saison, deux praticiennes bien-\u00eatre interviennent directement au sein du camping dans notre <strong>salle de massage<\/strong> situ\u00e9e \u00e0 c\u00f4t\u00e9 du sauna. <\/p>\n\n\n\n<p>Sur rendez-vous, elles proposent un large choix de soins : massages d\u00e9contractants, relaxants ou \u00e9nerg\u00e9tiques, r\u00e9flexologie plantaire, soins du visage ayurv\u00e9diques, massages pour enfants et prestations sp\u00e9cialement adapt\u00e9es aux futures mamans. Un v\u00e9ritable moment de d\u00e9tente pour prendre soin de soi pendant les vacances.<\/p>\n<\/div>\n<\/div>\n<\/div>\n<\/section>\n\n\n\n<section class=\"wp-block-group alignfull section-alentours-bis has-base-background-color has-background has-global-padding is-layout-constrained wp-block-group-is-layout-constrained\" style=\"margin-top:0px;padding-top:0;padding-bottom:var(--wp--preset--spacing--50)\">\n<div class=\"wp-block-columns alignwide is-layout-flex wp-container-core-columns-is-layout-bdcb0be9 wp-block-columns-is-layout-flex\" style=\"border-radius:0px;margin-top:0px;margin-right:0px;margin-bottom:0px;margin-left:0px;padding-top:var(--wp--preset--spacing--50);padding-right:0px;padding-bottom:0px;padding-left:0px\">\n<div class=\"wp-block-column is-vertically-aligned-center is-layout-flow wp-block-column-is-layout-flow\" style=\"flex-basis:45%\">\n<div class=\"wp-block-group is-vertical is-layout-flex wp-container-core-group-is-layout-ba70a9b7 wp-block-group-is-layout-flex\" style=\"margin-top:0px;margin-right:0px;margin-bottom:0px;margin-left:0px\">\n<p class=\"slogan has-contrast-2-color has-text-color has-link-color has-bile-font-family wp-elements-092e80f24315d08ac82a4fac4cb6d3bf\" style=\"font-size:clamp(61.532px, 3.846rem + ((1vw - 3.2px) * 7.132), 130px);line-height:.8\">Activit\u00e9s <br>&amp; sorties<\/p>\n<\/div>\n<\/div>\n\n\n\n<div class=\"wp-block-column is-vertically-aligned-center is-layout-flow wp-block-column-is-layout-flow\" style=\"flex-basis:55%\">\n<div class=\"wp-block-group is-vertical is-content-justification-center is-nowrap is-layout-flex wp-container-core-group-is-layout-0548d6db wp-block-group-is-layout-flex\" style=\"border-radius:0px;margin-top:0px;margin-right:0px;margin-bottom:0px;margin-left:0px;padding-top:0px;padding-right:0px;padding-bottom:0px;padding-left:0px\">\n<div class=\"wp-block-group is-vertical is-content-justification-stretch is-nowrap is-layout-flex wp-container-core-group-is-layout-22656365 wp-block-group-is-layout-flex\" style=\"border-radius:0px;margin-top:0px;margin-right:0px;margin-bottom:0px;margin-left:0px;padding-top:0px;padding-right:0px;padding-bottom:0px;padding-left:0px\">\n<div class=\"wp-block-group full-width is-horizontal is-content-justification-left is-nowrap is-layout-flex wp-container-core-group-is-layout-61b478c5 wp-block-group-is-layout-flex\" style=\"border-radius:0px;margin-top:0px;margin-right:0px;margin-bottom:0px;margin-left:0px;padding-top:0px;padding-right:0px;padding-bottom:0px;padding-left:0px\">\n<div class=\"wp-block-group has-global-padding is-content-justification-left is-layout-constrained wp-container-core-group-is-layout-e38f1b33 wp-block-group-is-layout-constrained\" style=\"margin-top:0px;margin-right:0px;margin-bottom:0px;margin-left:0px\">\n<h2 class=\"wp-block-heading has-text-align-left has-libre-franklin-font-family has-text-color\" style=\"color:rgba(181,173,151,1);margin-top:0px;margin-right:0px;margin-bottom:0px;margin-left:0px;font-size:clamp(15.747px, 0.984rem + ((1vw - 3.2px) * 0.86), 24px);font-style:normal;font-weight:400;line-height:1.2;text-transform:uppercase\">Activit\u00e9s et loisirs \u00e0 Saint-Malo et aux alentours du camping&nbsp;<\/h2>\n<\/div>\n<\/div>\n\n\n\n<div class=\"wp-block-group full-width is-horizontal is-content-justification-center is-nowrap is-layout-flex wp-container-core-group-is-layout-f8ff1399 wp-block-group-is-layout-flex\" style=\"border-radius:0px;margin-top:0px;margin-right:0px;margin-bottom:0px;margin-left:0px;padding-top:0px;padding-right:0px;padding-bottom:0px;padding-left:0px\">\n<div class=\"wp-block-group has-global-padding is-content-justification-left is-layout-constrained wp-container-core-group-is-layout-b4f7890b wp-block-group-is-layout-constrained\" style=\"margin-top:0px;margin-right:0px;margin-bottom:0px;margin-left:0px\">\n<p>Plong\u00e9e sous-marine, voile, surf, sortie en bateau, char \u00e0 voile, labyrinthe de ma\u00efs, karting, balade \u00e0 poney, golf, promenades sur la c\u00f4te, visite du Mont Saint-Michel, d\u00e9gustation d\u2019hu\u00eetres de Cancale\u2026 Une multitude d\u2019<strong>activit\u00e9s et sorties<\/strong> sont accessibles \u00e0 deux pas du Camping de la Ville Huchet ! Profitez de vos vacances pour d\u00e9couvrir la r\u00e9gion et ses sp\u00e9cialit\u00e9s sportives, culturelles et gastronomiques.<\/p>\n<\/div>\n<\/div>\n<\/div>\n<\/div>\n<\/div>\n<\/div>\n<\/section>\n\n\n\n<section class=\"wp-block-group alignwide section-cta is-layout-flow wp-block-group-is-layout-flow\" style=\"padding-top:var(--wp--preset--spacing--50);padding-bottom:var(--wp--preset--spacing--60)\">\n<h2 class=\"wp-block-heading has-text-align-center has-libre-franklin-font-family has-contrast-2-color has-text-color has-bile-font-family has-x-large-font-size\" style=\"margin-top:0px;margin-right:0px;margin-bottom:0px;margin-left:0px;font-style:normal;font-weight:400;line-height:1\">D\u00e9couvrez notre piscine, nos locatifs, et nos services<\/h2>\n\n\n\n<div data-swiper=\"{&quot;speed&quot;:400,&quot;spaceBetween&quot;:&quot;50&quot;,&quot;slidesPerView&quot;:2,&quot;createElements&quot;:true,&quot;loop&quot;:true,&quot;navigation&quot;:{&quot;nextEl&quot;:&quot;buttonNext&quot;,&quot;prevEl&quot;:&quot;buttonPrev&quot;},&quot;breakpoints&quot;:{&quot;0&quot;:{&quot;slidesPerView&quot;:1},&quot;380&quot;:{&quot;slidesPerView&quot;:&quot;1&quot;},&quot;700&quot;:{&quot;slidesPerView&quot;:2}},&quot;pagination&quot;:{&quot;el&quot;:false},&quot;autoplay&quot;:{&quot;delay&quot;:3000}}\" data-wp-context=\"{}\" data-wp-interactive=\"core\/query\" data-wp-key=\"0\" data-wp-router-region=\"query-0\" class=\"wp-block-query alignwide gt-fse-maillage-query gt-is-slider gt-is-slider-mobile is-layout-flow wp-block-query-is-layout-flow\"><ul class=\"columns-3 gt-maillage wp-block-post-template is-layout-grid wp-container-core-post-template-is-layout-6d3fbd8f wp-block-post-template-is-layout-grid\"><li data-wp-key=\"post-template-item-763\" class=\"wp-block-post post-763 page type-page status-publish has-post-thumbnail hentry\">\n\n<figure class=\"wp-block-image has-custom-border gt-maillage__image\"><img decoding=\"async\" src=\"https:\/\/www.lavillehuchet.com\/wp-content\/uploads\/2025\/10\/banner-piscine-camping-huchet.jpg\" alt=\"Piscine\" class=\"has-border-color\" style=\"border-color:#ffffff;border-width:1px;aspect-ratio:1;object-fit:cover\"\/><\/figure>\n\n\n\n<div class=\"wp-block-group is-vertical is-layout-flex wp-container-core-group-is-layout-d82e7565 wp-block-group-is-layout-flex\" style=\"border-style:none;border-width:0px;margin-top:-125px;padding-top:var(--wp--preset--spacing--10);padding-right:var(--wp--preset--spacing--10);padding-bottom:var(--wp--preset--spacing--10);padding-left:var(--wp--preset--spacing--20)\">\n<figure class=\"wp-block-image is-resized\" style=\"margin-top:0px;margin-right:0px;margin-bottom:0px;margin-left:1px\"><img decoding=\"async\" src=\"data:image\/svg+xml,%3Csvg width=&quot;39&quot; height=&quot;3&quot; viewBox=&quot;0 0 39 3&quot; fill=&quot;none&quot; xmlns=&quot;http:\/\/www.w3.org\/2000\/svg&quot;%3E%3Cpath d=&quot;M1 1.5H38&quot; stroke=&quot;white&quot; stroke-width=&quot;2&quot; stroke-linecap=&quot;round&quot;\/%3E%3C\/svg%3E%0A\" alt=\"\" style=\"width:37px\"\/><\/figure>\n\n\n\n<p class=\"has-base-2-color has-text-color has-link-color has-bile-font-family wp-elements-cf5ab951bd977131603127aff92f57e8\" style=\"font-size:clamp(24.034px, 1.502rem + ((1vw - 3.2px) * 1.663), 40px);font-style:normal;font-weight:400;line-height:1;text-decoration:none\">Piscine <\/p>\n<\/div>\n\n\n<a class=\"is-style-lien-cover wp-block-read-more\" href=\"https:\/\/www.lavillehuchet.com\/fr\/piscines\/\" target=\"_self\">Lire la suite<span class=\"screen-reader-text\">\u00a0: Espace aquatique<\/span><\/a>\n<\/li><li data-wp-key=\"post-template-item-799\" class=\"wp-block-post post-799 page type-page status-publish has-post-thumbnail hentry\">\n\n<figure class=\"wp-block-image has-custom-border gt-maillage__image\"><img decoding=\"async\" src=\"https:\/\/www.lavillehuchet.com\/wp-content\/uploads\/2025\/10\/banner-promo-huchet-scaled.jpg\" alt=\"banner promo huchet\" class=\"has-border-color\" style=\"border-color:#ffffff;border-width:1px;aspect-ratio:1;object-fit:cover\"\/><\/figure>\n\n\n\n<div class=\"wp-block-group is-vertical is-layout-flex wp-container-core-group-is-layout-d82e7565 wp-block-group-is-layout-flex\" style=\"border-style:none;border-width:0px;margin-top:-125px;padding-top:var(--wp--preset--spacing--10);padding-right:var(--wp--preset--spacing--10);padding-bottom:var(--wp--preset--spacing--10);padding-left:var(--wp--preset--spacing--20)\">\n<figure class=\"wp-block-image is-resized\" style=\"margin-top:0px;margin-right:0px;margin-bottom:0px;margin-left:1px\"><img decoding=\"async\" src=\"data:image\/svg+xml,%3Csvg width=&quot;39&quot; height=&quot;3&quot; viewBox=&quot;0 0 39 3&quot; fill=&quot;none&quot; xmlns=&quot;http:\/\/www.w3.org\/2000\/svg&quot;%3E%3Cpath d=&quot;M1 1.5H38&quot; stroke=&quot;white&quot; stroke-width=&quot;2&quot; stroke-linecap=&quot;round&quot;\/%3E%3C\/svg%3E%0A\" alt=\"\" style=\"width:37px\"\/><\/figure>\n\n\n\n<p class=\"has-base-2-color has-text-color has-link-color has-bile-font-family wp-elements-cf5ab951bd977131603127aff92f57e8\" style=\"font-size:clamp(24.034px, 1.502rem + ((1vw - 3.2px) * 1.663), 40px);font-style:normal;font-weight:400;line-height:1;text-decoration:none\">Nos locatifs<\/p>\n<\/div>\n\n\n<a class=\"is-style-lien-cover wp-block-read-more\" href=\"https:\/\/www.lavillehuchet.com\/fr\/location-mobil-home-saintmalo\/\" target=\"_self\">Lire la suite<span class=\"screen-reader-text\">\u00a0: Locatifs<\/span><\/a>\n<\/li><li data-wp-key=\"post-template-item-794\" class=\"wp-block-post post-794 page type-page status-publish has-post-thumbnail hentry\">\n\n<figure class=\"wp-block-image has-custom-border gt-maillage__image\"><img decoding=\"async\" src=\"https:\/\/www.lavillehuchet.com\/wp-content\/uploads\/2025\/10\/detente-huchet-scaled.jpg\" alt=\"detente huchet\" class=\"has-border-color\" style=\"border-color:#ffffff;border-width:1px;aspect-ratio:1;object-fit:cover\"\/><\/figure>\n\n\n\n<div class=\"wp-block-group is-vertical is-layout-flex wp-container-core-group-is-layout-d82e7565 wp-block-group-is-layout-flex\" style=\"border-style:none;border-width:0px;margin-top:-125px;padding-top:var(--wp--preset--spacing--10);padding-right:var(--wp--preset--spacing--10);padding-bottom:var(--wp--preset--spacing--10);padding-left:var(--wp--preset--spacing--20)\">\n<figure class=\"wp-block-image is-resized\" style=\"margin-top:0px;margin-right:0px;margin-bottom:0px;margin-left:1px\"><img decoding=\"async\" src=\"data:image\/svg+xml,%3Csvg width=&quot;39&quot; height=&quot;3&quot; viewBox=&quot;0 0 39 3&quot; fill=&quot;none&quot; xmlns=&quot;http:\/\/www.w3.org\/2000\/svg&quot;%3E%3Cpath d=&quot;M1 1.5H38&quot; stroke=&quot;white&quot; stroke-width=&quot;2&quot; stroke-linecap=&quot;round&quot;\/%3E%3C\/svg%3E%0A\" alt=\"\" style=\"width:37px\"\/><\/figure>\n\n\n\n<p class=\"has-base-2-color has-text-color has-link-color has-bile-font-family wp-elements-cf5ab951bd977131603127aff92f57e8\" style=\"font-size:clamp(24.034px, 1.502rem + ((1vw - 3.2px) * 1.663), 40px);font-style:normal;font-weight:400;line-height:1;text-decoration:none\">Services<\/p>\n<\/div>\n\n\n<a class=\"is-style-lien-cover wp-block-read-more\" href=\"https:\/\/www.lavillehuchet.com\/fr\/services\/\" target=\"_self\">Lire la suite<span class=\"screen-reader-text\">\u00a0: Services<\/span><\/a>\n<\/li><\/ul><\/div>\n<\/section>\n","protected":false},"excerpt":{"rendered":"<p>Activit\u00e9s et animations propos\u00e9es par le camping de La Ville Huchet&nbsp;&nbsp; Activit\u00e9s et loisirs au Domaine de la Ville Huchet Le camping de la Ville Huchet \u00e0 Saint-Malo met \u00e0 votre disposition de nombreux \u00e9quipements de loisirs pour faire de vos vacances une r\u00e9ussite. Pendant les vacances d&rsquo;\u00e9t\u00e9 (juillet &#8211; ao\u00fbt), notre \u00e9quipe d&rsquo;animation vous [&hellip;]<\/p>\n","protected":false},"author":1,"featured_media":2472,"parent":0,"menu_order":0,"comment_status":"closed","ping_status":"closed","template":"","meta":{"_seopress_robots_primary_cat":"","_seopress_titles_title":"Sport, loisirs et jeux au Camping de Saint-Malo du Domaine de la Ville Huchet - La Ville Huchet","_seopress_titles_desc":"","_seopress_robots_index":"","inline_featured_image":false,"gt_fse_maillage_image":"https:\/\/www.lavillehuchet.com\/wp-content\/uploads\/2026\/01\/camping-avec-activites-a-saint-malo.jpg","gt_fse_maillage_titre":"Les loisirs ","gt_fse_maillage_alt":"Les loisirs ","gt_fse_maillage_resume":"","footnotes":""},"categories":[],"tags":[],"class_list":["post-1766","page","type-page","status-publish","has-post-thumbnail","hentry"],"_links":{"self":[{"href":"https:\/\/www.lavillehuchet.com\/fr\/wp-json\/wp\/v2\/pages\/1766","targetHints":{"allow":["GET"]}}],"collection":[{"href":"https:\/\/www.lavillehuchet.com\/fr\/wp-json\/wp\/v2\/pages"}],"about":[{"href":"https:\/\/www.lavillehuchet.com\/fr\/wp-json\/wp\/v2\/types\/page"}],"author":[{"embeddable":true,"href":"https:\/\/www.lavillehuchet.com\/fr\/wp-json\/wp\/v2\/users\/1"}],"replies":[{"embeddable":true,"href":"https:\/\/www.lavillehuchet.com\/fr\/wp-json\/wp\/v2\/comments?post=1766"}],"version-history":[{"count":86,"href":"https:\/\/www.lavillehuchet.com\/fr\/wp-json\/wp\/v2\/pages\/1766\/revisions"}],"predecessor-version":[{"id":5341,"href":"https:\/\/www.lavillehuchet.com\/fr\/wp-json\/wp\/v2\/pages\/1766\/revisions\/5341"}],"wp:featuredmedia":[{"embeddable":true,"href":"https:\/\/www.lavillehuchet.com\/fr\/wp-json\/wp\/v2\/media\/2472"}],"wp:attachment":[{"href":"https:\/\/www.lavillehuchet.com\/fr\/wp-json\/wp\/v2\/media?parent=1766"}],"wp:term":[{"taxonomy":"category","embeddable":true,"href":"https:\/\/www.lavillehuchet.com\/fr\/wp-json\/wp\/v2\/categories?post=1766"},{"taxonomy":"post_tag","embeddable":true,"href":"https:\/\/www.lavillehuchet.com\/fr\/wp-json\/wp\/v2\/tags?post=1766"}],"curies":[{"name":"wp","href":"https:\/\/api.w.org\/{rel}","templated":true}]}}